{"id":40,"date":"2014-07-15T14:05:22","date_gmt":"2014-07-15T18:05:22","guid":{"rendered":"\/?page_id=40"},"modified":"2025-08-22T21:34:51","modified_gmt":"2025-08-23T01:34:51","slug":"cobertura","status":"publish","type":"page","link":"https:\/\/www.ifop.cl\/en\/quienes-somos\/cobertura\/","title":{"rendered":"Geographical Coverage"},"content":{"rendered":"Geographical Coverage Ifop<br \/>\nArica, Iquique, Mejillones, Caldera, Coquimbo, Valparaiso, San Antonio, Talcahuano, Niebla, Puerto Montt, Puerto Montt, divisi\u00f3n acuicultura, Calbuco, Ancud, Centro de Maricultura Hueihue, Putem\u00fan, Quell\u00f3n, Punta Arenas, Puerto Natales, Porvenir, Puerto Williams, <\/p>\n<div class=\"row\"><span class=\"collapseomatic \" id=\"id69f2782c34473\"  tabindex=\"0\" title=\"&lt;strong&gt;XV Regi&oacute;n &lt;\/strong&gt;de Arica y Parinacota\"    ><strong>XV Regi&oacute;n <\/strong>de Arica y Parinacota<\/span><div id=\"target-id69f2782c34473\" class=\"collapseomatic_content \">\n<p><strong>Arica<\/strong><\/p>\n<p>Playa Los Gringos s\/n, Arica, Arica.<\/p>\n<p>Casilla 37.<\/p>\n<p>Fono 32 3311 206 \/9- 42286980<\/p>\n<p>Contacto: <a href=\"mailto:veronica.valdes@ifop.cl\">veronica.valdes@ifop.cl<\/a><\/p>\n<\/div><\/div>\n<div class=\"row\">\n<span class=\"collapseomatic \" id=\"id69f2782c344a7\"  tabindex=\"0\" title=\"&lt;strong&gt;I Regi&oacute;n &lt;\/strong&gt;de Tarapac&aacute;\"    ><strong>I Regi&oacute;n <\/strong>de Tarapac&aacute;<\/span><div id=\"target-id69f2782c344a7\" class=\"collapseomatic_content \">\n<p><strong>Iquique<\/strong><\/p>\n<p>Barrio Industrial S\/N, Sitio N&ordm; 3, Iquique.<\/p>\n<p>Casilla 170.<\/p>\n<p>Fono 32-3311 216 &ndash; 32-3311 211<\/p>\n<p>Contacto: <a href=\"mailto:eliana.escudero@ifop.cl\">eliana.escudero@ifop.cl<\/a><\/p>\n<\/div><\/div>\n<div class=\"row\"><span class=\"collapseomatic \" id=\"id69f2782c344da\"  tabindex=\"0\" title=\"&lt;strong&gt;II Regi&oacute;n &lt;\/strong&gt;de Antofagasta\"    ><strong>II Regi&oacute;n <\/strong>de Antofagasta<\/span><div id=\"target-id69f2782c344da\" class=\"collapseomatic_content \">\n<p><strong>Tocopilla<\/strong><\/p>\n<p>Poblaci&oacute;n Villa Sur, Pasaje San Pablo, Tocopilla.<\/p>\n<p>Fono: 9-79896182<\/p>\n<p>Contacto: <a href=\"mailto:marcela.cortes@ifop.cl\">marcela.cortes@ifop.cl<\/a><\/p>\n<p><strong>Mejillones<\/strong><\/p>\n<p>Granaderos 85, Mejillones.<\/p>\n<p>Fono: 32-3311 231<\/p>\n<p>Contacto: <a href=\"mailto:patricio.carvajal@ifop.cl\">patricio.carvajal@ifop.cl<\/a><\/p>\n<p>\t<\/div><\/div>\n<div class=\"row\"><span class=\"collapseomatic \" id=\"id69f2782c34508\"  tabindex=\"0\" title=\"&lt;strong&gt;III Regi&oacute;n&lt;\/strong&gt; de Atacama\"    ><strong>III Regi&oacute;n<\/strong> de Atacama<\/span><div id=\"target-id69f2782c34508\" class=\"collapseomatic_content \">\n<p><strong>Caldera<\/strong><\/p>\n<p>Carvallo 607, Caldera.<\/p>\n<p>Fono 32-2151-691<\/p>\n<p>Contacto: <a href=\"mailto:pedro.roldan@ifop.cl\">pedro.roldan@ifop.cl<\/a><\/p>\n<p>\t<\/div><\/div>\n<div class=\"row\"><span class=\"collapseomatic \" id=\"id69f2782c34537\"  tabindex=\"0\" title=\"&lt;strong&gt;IV Regi&oacute;n &lt;\/strong&gt;de Coquimbo\"    ><strong>IV Regi&oacute;n <\/strong>de Coquimbo<\/span><div id=\"target-id69f2782c34537\" class=\"collapseomatic_content \">\n<p><strong>Coquimbo<\/strong><\/p>\n<p>Dr. Mar&iacute;n N&ordm; 340, Coquimbo.<\/p>\n<p>Fono 32-3311 237 &#8211; 32-3311 240<\/p>\n<p>Contacto: <a href=\"mailto:denise.bore@ifop.cl\">denise.bore@ifop.cl<\/a><\/p>\n<p>\t<\/div><\/div>\n<div class=\"row\"><span class=\"collapseomatic \" id=\"id69f2782c34568\"  tabindex=\"0\" title=\"&lt;strong&gt;V Regi&oacute;n &lt;\/strong&gt;de Valpara&iacute;so\"    ><strong>V Regi&oacute;n <\/strong>de Valpara&iacute;so<\/span><div id=\"target-id69f2782c34568\" class=\"collapseomatic_content \">\n<p><strong>Valpara&iacute;so<\/strong><\/p>\n<p>Almte. M. Blanco Encalada 839, Valpara&iacute;so. Casilla 8-V.<\/p>\n<p>Fono central 32-2151 500<\/p>\n<p><strong>Direcci&oacute;n Ejecutiva<\/strong> Fono 32-2151 610<\/p>\n<p>Contacto: <a href=\"mailto:ximena.arenas@ifop.cl\">ximena.arenas@ifop.cl<\/a><\/p>\n<p>Auditora Interna Fono 32- 2151 613<\/p>\n<p>Asesor Legal Andreucci &amp; Torrej&oacute;n Abogados Fono (oficina) 32-2545 400<\/p>\n<p>Periodista Fono 32-2151 609<\/p>\n<p>Control de Proyectos Fono 32-2151 616<\/p>\n<p>Departamento de Recursos Humanos Fono 32-2151 642 &#8211; 32-2151 639<\/p>\n<p>Departamento Preembarque Fono 32-2151 502<\/p>\n<p>Secci&oacute;n Ediciones y Producci&oacute;n Fono 32-2151 524<\/p>\n<p>Biblioteca Fono 32-2151 535 \/ 32-2151 664<\/p>\n<p><strong>Divisi&oacute;n Investigaci&oacute;n Pesquera<\/strong><\/p>\n<p>Fono 32-2151 400 \/ 32-2151 429<\/p>\n<p>Contacto: <a href=\"mailto:geovanna.neira@ifop.cl\">geovanna.neira@ifop.cl<\/a><\/p>\n<p>Departamento Evaluaciones Directas Fono 32-2151 400 &#8211; 32-2151 420<\/p>\n<p>Departamento Oceanograf&iacute;a y Medio Ambiente Fono 32-2151 402 &#8211; 32-2151 551<\/p>\n<p>Departamento Evaluaci&oacute;n de Pesquer&iacute;as Fono 32-2151 402 &#8211; 32-2151 534<\/p>\n<p>Departamento Evaluaci&oacute;n Recursos Fono 32-2151 402 &#8211; 32-2151 424<\/p>\n<p><strong>Divisi&oacute;n Especialidades T&eacute;cnicas e Infraestructura para la Investigaci&oacute;n <\/strong><\/p>\n<p>Fono (32) 2151 606 \/ 32-2151 501\/ 32-2151 474<\/p>\n<p>Contacto: <a href=\"mailto:cristina.godoy@ifop.cl\">cristina.godoy@ifop.cl<\/a><\/p>\n<p>Departamento Operaciones Marinas Fono 32-2151 501 &#8211; 32-2151 506<\/p>\n<p>Departamento Gesti&oacute;n de Muestreo Fono 32-2151 606 &#8211; 32-2151 564<\/p>\n<p>Departamento Econom&iacute;a y Estad&iacute;stica Fono 32-2151 606 &#8211; 32-2151 428<\/p>\n<p>Departamento Tecnolog&iacute;a de la Informaci&oacute;n Fono 32 2151 606 &ndash; 32-2151 667<\/p>\n<p><strong>Divisi&oacute;n Administraci&oacute;n y Finanzas<\/strong><\/p>\n<p>Fono 32-2151 553 \/ 32-2151 566<\/p>\n<p>Contacto: <a href=\"mailto:carmen.lasagna@ifop.cl\">carmen.lasagna@ifop.cl<\/a><\/p>\n<p>Departamento Finanzas Fono 32-2151 553 &#8211; 32-2151 504<\/p>\n<p>Departamento Log&iacute;stica e Infraestructura 32-2151 536 &#8211; Fono 32-2151 655<\/p>\n<p>Departamento Prevenci&oacute;n de Riesgos Fono 32-2151 640<\/p>\n<p><strong>San Antonio<\/strong><\/p>\n<p>21 de Mayo 1024, San Antonio.<\/p>\n<p>Fono 32-3311 270<\/p>\n<p>Contacto: <a href=\"mailto:nilsson.villarroel@ifop.cl\">nilsson.villarroel@ifop.cl<\/a><\/p>\n<p>\t<\/div><\/div>\n<div class=\"row\"><span class=\"collapseomatic \" id=\"id69f2782c3459b\"  tabindex=\"0\" title=\"&lt;strong&gt;VIII Regi&oacute;n &lt;\/strong&gt;del B&iacute;o bio\"    ><strong>VIII Regi&oacute;n <\/strong>del B&iacute;o bio<\/span><div id=\"target-id69f2782c3459b\" class=\"collapseomatic_content \">\n<p><strong>Talcahuano<\/strong><\/p>\n<p>Col&oacute;n N&ordm; 3656. Casilla 347, Talcahuano.<\/p>\n<p>Fono 32-2151 590- 32-2151 589<\/p>\n<p>Contacto: <a href=\"mailto:sergio.mora@ifop.cl\">sergio.mora@ifop.cl<\/a><\/p>\n<p>\t<\/div><\/div>\n<div class=\"row\"><span class=\"collapseomatic \" id=\"id69f2782c345cb\"  tabindex=\"0\" title=\"&lt;strong&gt;XIV Regi&oacute;n &lt;\/strong&gt;de Los R&iacute;os\"    ><strong>XIV Regi&oacute;n <\/strong>de Los R&iacute;os<\/span><div id=\"target-id69f2782c345cb\" class=\"collapseomatic_content \">\n<p><strong>Niebla<\/strong><\/p>\n<p>Los Castellanos s\/n Cta. El Piojo, Niebla.<\/p>\n<p>Fono: 09- 42594394<\/p>\n<p>Contacto: <a href=\"mailto:alejandra.huichalaf@ifop.cl\">alejandra.huichalaf@ifop.cl<\/a><\/p>\n<p>\t<\/div><\/div>\n<div class=\"row\"><span class=\"collapseomatic \" id=\"id69f2782c345fd\"  tabindex=\"0\" title=\"&lt;strong&gt;X Regi&oacute;n &lt;\/strong&gt;de Los Lagos\"    ><strong>X Regi&oacute;n <\/strong>de Los Lagos<\/span><div id=\"target-id69f2782c345fd\" class=\"collapseomatic_content \">\n<p><strong>Puerto Montt<\/strong><\/p>\n<p><strong>Divisi&oacute;n Investigaci&oacute;n en Acuicultura<\/strong><\/p>\n<p>Departamento Medio Ambiente Fono 32-3311 283<\/p>\n<p>Departamento Salud Hidrobiol&oacute;gica Fono 32-3311 297<\/p>\n<p>Departamento Repoblaci&oacute;n y Cultivo Fono32-3311 330<\/p>\n<p>Balmaceda N&ordm; 252, Puerto Montt. Casilla 665.<\/p>\n<p>Fono 32-3311280 \/32-3311282<\/p>\n<p>Contacto: <a href=\"mailto:cristina.rios@ifop.cl\">cristina.rios@ifop.cl<\/a> \/ <a href=\"mailto:carolina.barrientos@ifop.cl\">carolina.barrientos@ifop.cl<\/a><\/p>\n<p>Col&oacute;n 542, Puerto Montt.<\/p>\n<p>Fono: 32-3311 338<\/p>\n<p>Contacto: <a href=\"mailto:macarena.herrera@ifop.cl\">macarena.herrera@ifop.cl<\/a><\/p>\n<p><strong>Calbuco<\/strong><\/p>\n<p>Manuel Rodr&iacute;guez N&ordm;155-B, Calbuco.<\/p>\n<p>Fono 32-3311 276<\/p>\n<p>Contacto: <a href=\"mailto:claudia.oyarzo@ifop.cl\">claudia.oyarzo@ifop.cl<\/a><\/p>\n<p><strong>Ancud<\/strong><\/p>\n<p>Las Heras 871, Ancud.<\/p>\n<p>Fono 32-3311 348- 32-3311 345<\/p>\n<p>Contacto: <a href=\"mailto:vivian.pezo@ifop.cl\">vivian.pezo@ifop.cl<\/a><\/p>\n<p><strong>Hueihue<\/strong><\/p>\n<p>Camino a Manao S\/N, Sector Rural, Ancud.<\/p>\n<p>Fono 32-3311 373<\/p>\n<p>Contacto: <a href=\"mailto:carlos.munoz@ifop.cl\">carlos.munoz@ifop.cl<\/a><\/p>\n<p><strong>Putem&uacute;n<\/strong><\/p>\n<p>Camino a Ten t&eacute;n S\/N, Sector Rural, Castro.<\/p>\n<p>Fono 32-3322 368<\/p>\n<p>Contacto: <a href=\"mailto:heraldo.contreras@ifop.cl\">heraldo.contreras@ifop.cl<\/a><\/p>\n<p><strong>Quell&oacute;n <\/strong><\/p>\n<p>Capit&aacute;n Luis Alc&aacute;zar 554, of 3, Quell&oacute;n.<\/p>\n<p>Fono 32-3311 379<\/p>\n<p>Contacto: <a href=\"mailto:carlos.vilches@ifop.cl\">carlos.vilches@ifop.cl<\/a><\/p>\n<p>\t<\/div><\/div>\n<div class=\"row\"><span class=\"collapseomatic \" id=\"id69f2782c3462c\"  tabindex=\"0\" title=\"&lt;strong&gt;XI Regi&oacute;n &lt;\/strong&gt;de Ays&eacute;n del General Carlos Ib&aacute;&ntilde;ez del Campo\"    ><strong>XI Regi&oacute;n <\/strong>de Ays&eacute;n del General Carlos Ib&aacute;&ntilde;ez del Campo<\/span><div id=\"target-id69f2782c3462c\" class=\"collapseomatic_content \">\n<p><strong>Puerto Ays&eacute;n<\/strong><\/p>\n<p>Sargento Aldea 431, Puerto Ays&eacute;n.<\/p>\n<p>Fono 32-2151693<\/p>\n<p>Contacto: <a href=\"mailto:hernan.padilla@ifop.cl\">hernan.padilla@ifop.cl<\/a><\/p>\n<p>\t<\/div><\/div>\n<div class=\"row\"><span class=\"collapseomatic \" id=\"id69f2782c3466f\"  tabindex=\"0\" title=\"&lt;strong&gt;XII Regi&oacute;n &lt;\/strong&gt;de Magallanes y la Ant&aacute;rtica Chilena\"    ><strong>XII Regi&oacute;n <\/strong>de Magallanes y la Ant&aacute;rtica Chilena<\/span><div id=\"target-id69f2782c3466f\" class=\"collapseomatic_content \">\n<p><strong>Punta Arenas<\/strong><\/p>\n<p>Enrique Abello 0552, Punta Arenas. Casilla 101.<\/p>\n<p>Fono 32-3311 380 \/ 32-3311 392<\/p>\n<p>Contacto: <a href=\"mailto:erik.daza@ifop.cl\">erik.daza@ifop.cl<\/a><\/p>\n<p><strong>Puerto Natales<\/strong><\/p>\n<p>Pedro Montt 1171, Terminal Pesquero, Puerto Natales.<\/p>\n<p>Fono 09-66083476<\/p>\n<p>Contacto: <a href=\"mailto:alejandra.cardenas@ifop.cl\">alejandra.cardenas@ifop.cl<\/a><\/p>\n<p><strong>Porvenir<\/strong><\/p>\n<p>Av. Carlos Cerca 327, Terminal Pesquero Bah&iacute;a Chilota, Porvenir.<\/p>\n<p>Fono 06 6752075<\/p>\n<p>Fono 09-66752073<\/p>\n<p>Contacto: <a href=\"mailto:angelica.gomez@ifop.cl\">angelica.gomez@ifop.cl<\/a><\/p>\n<p><strong>Puerto Williams<\/strong><\/p>\n<p>Yelcho 212, Puerto Williams.<\/p>\n<p>Fono 09-52368146<\/p>\n<p>Contacto: <a href=\"mailto:jose.vargas@ifop.cl\">jose.vargas@ifop.cl<\/a><\/p>\n<p>\t<\/div><\/div>","protected":false},"excerpt":{"rendered":"<p>Geographical Coverage Ifop Arica, Iquique, Mejillones, Caldera, Coquimbo, Valparaiso, San Antonio, Talcahuano, Niebla, Puerto Montt, Puerto Montt, divisi\u00f3n acuicultura, Calbuco, Ancud, Centro de Maricultura Hueihue, Putem\u00fan, Quell\u00f3n, Punta Arenas, Puerto Natales, Porvenir, Puerto Williams,<\/p>\n","protected":false},"author":1,"featured_media":0,"parent":26,"menu_order":2,"comment_status":"closed","ping_status":"closed","template":"plantilla-CoberturaNacional.php","meta":{"footnotes":""},"class_list":["post-40","page","type-page","status-publish","hentry"],"_links":{"self":[{"href":"https:\/\/www.ifop.cl\/en\/wp-json\/wp\/v2\/pages\/40"}],"collection":[{"href":"https:\/\/www.ifop.cl\/en\/wp-json\/wp\/v2\/pages"}],"about":[{"href":"https:\/\/www.ifop.cl\/en\/wp-json\/wp\/v2\/types\/page"}],"author":[{"embeddable":true,"href":"https:\/\/www.ifop.cl\/en\/wp-json\/wp\/v2\/users\/1"}],"replies":[{"embeddable":true,"href":"https:\/\/www.ifop.cl\/en\/wp-json\/wp\/v2\/comments?post=40"}],"version-history":[{"count":5,"href":"https:\/\/www.ifop.cl\/en\/wp-json\/wp\/v2\/pages\/40\/revisions"}],"predecessor-version":[{"id":18432,"href":"https:\/\/www.ifop.cl\/en\/wp-json\/wp\/v2\/pages\/40\/revisions\/18432"}],"up":[{"embeddable":true,"href":"https:\/\/www.ifop.cl\/en\/wp-json\/wp\/v2\/pages\/26"}],"wp:attachment":[{"href":"https:\/\/www.ifop.cl\/en\/wp-json\/wp\/v2\/media?parent=40"}],"curies":[{"name":"wp","href":"https:\/\/api.w.org\/{rel}","templated":true}]}}